{"id":50428,"date":"2021-06-06T17:08:00","date_gmt":"2021-06-06T17:08:00","guid":{"rendered":"https:\/\/www.vanleer.org.il\/?post_type=video&#038;p=50428"},"modified":"2022-09-05T12:11:23","modified_gmt":"2022-09-05T09:11:23","slug":"online-conversation-with-prof-ugur-umit-ungor","status":"publish","type":"video","link":"https:\/\/www.vanleer.org.il\/en\/videos\/online-conversation-with-prof-ugur-umit-ungor\/","title":{"rendered":"Online Conversation with Prof. U\u011fur \u00dcmit \u00dcng\u00f6r"},"content":{"rendered":"<p dir=\"ltr\" style=\"direction: ltr; text-align: left;\"><strong>Prof. U\u011fur \u00dcmit \u00dcng\u00f6r on his new book - Paramilitarism: Mass Violence in the Shadow of the State, 06.06.21<\/strong><\/p>\n<p dir=\"ltr\" style=\"text-align: left;\">Polonsky Salon<\/p>\n<p dir=\"ltr\" style=\"direction: ltr; text-align: left;\">Streets of Belfast to Mandate Palestine and the mountains of Kurdistan, paramilitaries have appeared in violent conflicts in very different settings. Paramilitaries are generally depicted as irregular armed organizations that carry out acts of violence against civilians on behalf of a state. In doing so, they undermine the state's monopoly of legitimate violence, while at the same time creating a breeding ground for criminal activities. Why do governments with functioning police forces and armies use paramilitary groups? U\u011fur \u00dcmit \u00dcng\u00f6r tackles this question through the prism of the interpenetration of paramilitaries and the state. According to \u00dcng\u00f6r, paramilitarism is the ability of the state to successfully outsource mass political violence against civilians that transforms and traumatizes societies. In this conversation, we will discuss \u00dcng\u00f6r's argument that paramilitarism can be understood in a global context, and that paramilitarism is connected to transformations of warfare and state-society relations as articulated in \u00dcng\u00f6r\u2019s recent book Paramilitarism: Mass Violence in the Shadow of the State (Oxford University Press, July 2020).\u00a0<\/p>\n<h4 dir=\"ltr\" style=\"direction: ltr; text-align: left;\">Participants<\/h4>\n<p dir=\"ltr\" style=\"direction: ltr; text-align: left;\"><strong>Prof. U\u011fur \u00dcmit \u00dcng\u00f6r<\/strong>, Professor of Holocaust and Genocide Studies at The NIOD Institute for War, Holocaust and Genocide Studies, The Netherlands<br \/>\n<a href=\"https:\/\/polonsky.www.vanleer.org.il\/790-2\/\"><strong>Dr. \u00dcmit Kurt<\/strong><\/a>, Polonsky Academy Fellow at the Van Leer Jerusalem Institute<\/p>\n<div class=\"ccb_single_video_player \" data-controls=\"1\" data-autohide=\"0\" data-fs=\"1\" data-theme=\"dark\" data-color=\"red\" data-iv_load_policy=\"1\" data-modestbranding=\"1\" data-rel=\"1\" data-showinfo=\"0\" data-autoplay=\"0\" data-disablekb=\"0\" data-nocookie=\"0\" data-aspect_ratio=\"16x9\" data-width=\"640\" data-video_position=\"below-content\" data-volume=\"100\" data-video_id=\"fqT8ZLRShIs\" style=\"width:640px; height:360px; max-width:100%;\"><!-- player container --><\/div>\n\n<span itemprop=\"video\" itemscope itemtype=\"http:\/\/schema.org\/VideoObject\">\n\t<meta itemprop=\"name\" content=\"Online Conversation with Prof. U\u011fur \u00dcmit \u00dcng\u00f6r\">\n\t<meta itemprop=\"description\" content=\"Prof. U\u011fur \u00dcmit \u00dcng\u00f6r on his new book - Paramilitarism: Mass Violence in the Shadow of the State, 06.06.21 Polonsky Salon Streets of Belfast to Mandate Palestine and the mountains of Kurdistan, paramilitaries have appeared in violent conflicts in very different settings. Paramilitaries are gener\">\n\t<meta itemprop=\"thumbnailURL\" content=\"https:\/\/www.vanleer.org.il\/wp-content\/uploads\/2021\/06\/posttypevideop50428-youtube-thumbnail-150x150.jpg\">\n\t<meta itemprop=\"embedURL\" content=\"http:\/\/www.youtube-nocookie.com\/v\/fqT8ZLRShIs\">\n\t<meta itemprop=\"uploadDate\" content=\"2021-06-06T17:08:00+00:00\">\n\t<meta itemprop=\"duration\" content=\"PT1H5M30S\">\n<\/span>\n","protected":false},"excerpt":{"rendered":"<p>Prof. U\u011fur \u00dcmit \u00dcng\u00f6r on his new book &#8211; Paramilitarism: Mass Violence in the Shadow of the State, 06.06.21 Polonsky Salon Streets of Belfast to Mandate Palestine and the mountains of Kurdistan, paramilitaries have appeared in violent conflicts in very different settings. Paramilitaries are generally depicted as irregular armed organizations that carry out acts of&#8230;<\/p>\n","protected":false},"author":13,"featured_media":50429,"comment_status":"open","ping_status":"open","template":"","format":"video","meta":{"_acf_changed":false,"inline_featured_image":false,"footnotes":""},"videos":[],"video_tag":[3782],"class_list":["post-50428","video","type-video","status-publish","format-video","has-post-thumbnail","hentry","video_tag-the-arab-society-and-the-middle-east"],"acf":[],"yoast_head":"<!-- This site is optimized with the Yoast SEO plugin v26.7 - https:\/\/yoast.com\/wordpress\/plugins\/seo\/ -->\n<title>Online Conversation with Prof. U\u011fur \u00dcmit \u00dcng\u00f6r - The Vanleer Institute in Jerusalem<\/title>\n<meta name=\"description\" content=\"Online Conversation with Prof. U\u011fur \u00dcmit \u00dcng\u00f6r | Filmed lectures at the Van Leer Jerusalem Institute on topics that include religion, secularization and Judaism, Arab society and the Middle East, philosophy, culture and art, feminism and gender, and science and technology\" \/>\n<meta name=\"robots\" content=\"index, follow, max-snippet:-1, max-image-preview:large, max-video-preview:-1\" \/>\n<link rel=\"canonical\" href=\"https:\/\/www.vanleer.org.il\/en\/videos\/online-conversation-with-prof-ugur-umit-ungor\/\" \/>\n<meta property=\"og:locale\" content=\"en_US\" \/>\n<meta property=\"og:type\" content=\"article\" \/>\n<meta property=\"og:title\" content=\"Online Conversation with Prof. U\u011fur \u00dcmit \u00dcng\u00f6r - The Vanleer Institute in Jerusalem\" \/>\n<meta property=\"og:description\" content=\"Online Conversation with Prof. U\u011fur \u00dcmit \u00dcng\u00f6r | Filmed lectures at the Van Leer Jerusalem Institute on topics that include religion, secularization and Judaism, Arab society and the Middle East, philosophy, culture and art, feminism and gender, and science and technology\" \/>\n<meta property=\"og:url\" content=\"https:\/\/www.vanleer.org.il\/en\/videos\/online-conversation-with-prof-ugur-umit-ungor\/\" \/>\n<meta property=\"og:site_name\" content=\"The Vanleer Institute in Jerusalem\" \/>\n<meta property=\"article:publisher\" content=\"https:\/\/www.facebook.com\/vanleer.institute\/\" \/>\n<meta property=\"article:modified_time\" content=\"2022-09-05T09:11:23+00:00\" \/>\n<meta property=\"og:image\" content=\"https:\/\/www.vanleer.org.il\/wp-content\/uploads\/2021\/06\/posttypevideop50428-youtube-thumbnail.jpg\" \/>\n\t<meta property=\"og:image:width\" content=\"640\" \/>\n\t<meta property=\"og:image:height\" content=\"480\" \/>\n\t<meta property=\"og:image:type\" content=\"image\/jpeg\" \/>\n<meta name=\"twitter:card\" content=\"summary_large_image\" \/>\n<meta name=\"twitter:site\" content=\"@VanleerInst\" \/>\n<meta name=\"twitter:label1\" content=\"Est. reading time\" \/>\n\t<meta name=\"twitter:data1\" content=\"2 minutes\" \/>\n<script type=\"application\/ld+json\" class=\"yoast-schema-graph\">{\"@context\":\"https:\/\/schema.org\",\"@graph\":[{\"@type\":\"WebPage\",\"@id\":\"https:\/\/www.vanleer.org.il\/en\/videos\/online-conversation-with-prof-ugur-umit-ungor\/\",\"url\":\"https:\/\/www.vanleer.org.il\/en\/videos\/online-conversation-with-prof-ugur-umit-ungor\/\",\"name\":\"Online Conversation with Prof. U\u011fur \u00dcmit \u00dcng\u00f6r - The Vanleer Institute in Jerusalem\",\"isPartOf\":{\"@id\":\"https:\/\/www.vanleer.org.il\/#website\"},\"primaryImageOfPage\":{\"@id\":\"https:\/\/www.vanleer.org.il\/en\/videos\/online-conversation-with-prof-ugur-umit-ungor\/#primaryimage\"},\"image\":{\"@id\":\"https:\/\/www.vanleer.org.il\/en\/videos\/online-conversation-with-prof-ugur-umit-ungor\/#primaryimage\"},\"thumbnailUrl\":\"https:\/\/www.vanleer.org.il\/wp-content\/uploads\/2021\/06\/posttypevideop50428-youtube-thumbnail.jpg\",\"datePublished\":\"2021-06-06T17:08:00+00:00\",\"dateModified\":\"2022-09-05T09:11:23+00:00\",\"description\":\"Online Conversation with Prof. U\u011fur \u00dcmit \u00dcng\u00f6r | Filmed lectures at the Van Leer Jerusalem Institute on topics that include religion, secularization and Judaism, Arab society and the Middle East, philosophy, culture and art, feminism and gender, and science and technology\",\"breadcrumb\":{\"@id\":\"https:\/\/www.vanleer.org.il\/en\/videos\/online-conversation-with-prof-ugur-umit-ungor\/#breadcrumb\"},\"inLanguage\":\"en-US\",\"potentialAction\":[{\"@type\":\"ReadAction\",\"target\":[\"https:\/\/www.vanleer.org.il\/en\/videos\/online-conversation-with-prof-ugur-umit-ungor\/\"]}]},{\"@type\":\"ImageObject\",\"inLanguage\":\"en-US\",\"@id\":\"https:\/\/www.vanleer.org.il\/en\/videos\/online-conversation-with-prof-ugur-umit-ungor\/#primaryimage\",\"url\":\"https:\/\/www.vanleer.org.il\/wp-content\/uploads\/2021\/06\/posttypevideop50428-youtube-thumbnail.jpg\",\"contentUrl\":\"https:\/\/www.vanleer.org.il\/wp-content\/uploads\/2021\/06\/posttypevideop50428-youtube-thumbnail.jpg\",\"width\":640,\"height\":480},{\"@type\":\"BreadcrumbList\",\"@id\":\"https:\/\/www.vanleer.org.il\/en\/videos\/online-conversation-with-prof-ugur-umit-ungor\/#breadcrumb\",\"itemListElement\":[{\"@type\":\"ListItem\",\"position\":1,\"name\":\"\u05e8\u05d0\u05e9\u05d9\",\"item\":\"https:\/\/www.vanleer.org.il\/\"},{\"@type\":\"ListItem\",\"position\":2,\"name\":\"Videos\",\"item\":\"https:\/\/www.vanleer.org.il\/\u05e1\u05e8\u05d8\u05d5\u05e0\u05d9\u05dd\/\"},{\"@type\":\"ListItem\",\"position\":3,\"name\":\"Online Conversation with Prof. U\u011fur \u00dcmit \u00dcng\u00f6r\"}]},{\"@type\":\"WebSite\",\"@id\":\"https:\/\/www.vanleer.org.il\/#website\",\"url\":\"https:\/\/www.vanleer.org.il\/\",\"name\":\"The Vanleer Institute in Jerusalem\",\"description\":\"Fosters innovative interdisciplinary research in the humanities and social sciences\",\"publisher\":{\"@id\":\"https:\/\/www.vanleer.org.il\/#organization\"},\"potentialAction\":[{\"@type\":\"SearchAction\",\"target\":{\"@type\":\"EntryPoint\",\"urlTemplate\":\"https:\/\/www.vanleer.org.il\/?s={search_term_string}\"},\"query-input\":{\"@type\":\"PropertyValueSpecification\",\"valueRequired\":true,\"valueName\":\"search_term_string\"}}],\"inLanguage\":\"en-US\"},{\"@type\":\"Organization\",\"@id\":\"https:\/\/www.vanleer.org.il\/#organization\",\"name\":\"The Van Leer Jerusalem Institute\",\"url\":\"https:\/\/www.vanleer.org.il\/\",\"logo\":{\"@type\":\"ImageObject\",\"inLanguage\":\"en-US\",\"@id\":\"https:\/\/www.vanleer.org.il\/#\/schema\/logo\/image\/\",\"url\":\"https:\/\/www.vanleer.org.il\/wp-content\/uploads\/2020\/07\/Logo-Van-Leer.jpg\",\"contentUrl\":\"https:\/\/www.vanleer.org.il\/wp-content\/uploads\/2020\/07\/Logo-Van-Leer.jpg\",\"width\":1181,\"height\":709,\"caption\":\"The Van Leer Jerusalem Institute\"},\"image\":{\"@id\":\"https:\/\/www.vanleer.org.il\/#\/schema\/logo\/image\/\"},\"sameAs\":[\"https:\/\/www.facebook.com\/vanleer.institute\/\",\"https:\/\/x.com\/VanleerInst\",\"https:\/\/www.instagram.com\/van_leer_institute\/\",\"https:\/\/il.linkedin.com\/company\/the-van-leer-jerusalem-institute-\u05de\u05db\u05d5\u05df\u05d5\u05df\u05dc\u05d9\u05e8\",\"https:\/\/www.youtube.com\/user\/VanleerInstitute\",\"https:\/\/he.wikipedia.org\/wiki\/\u05de\u05db\u05d5\u05df_\u05d5\u05df_\u05dc\u05d9\u05e8_\u05d1\u05d9\u05e8\u05d5\u05e9\u05dc\u05d9\u05dd\"]}]}<\/script>\n<!-- \/ Yoast SEO plugin. -->","yoast_head_json":{"title":"Online Conversation with Prof. U\u011fur \u00dcmit \u00dcng\u00f6r - The Vanleer Institute in Jerusalem","description":"Online Conversation with Prof. U\u011fur \u00dcmit \u00dcng\u00f6r | Filmed lectures at the Van Leer Jerusalem Institute on topics that include religion, secularization and Judaism, Arab society and the Middle East, philosophy, culture and art, feminism and gender, and science and technology","robots":{"index":"index","follow":"follow","max-snippet":"max-snippet:-1","max-image-preview":"max-image-preview:large","max-video-preview":"max-video-preview:-1"},"canonical":"https:\/\/www.vanleer.org.il\/en\/videos\/online-conversation-with-prof-ugur-umit-ungor\/","og_locale":"en_US","og_type":"article","og_title":"Online Conversation with Prof. U\u011fur \u00dcmit \u00dcng\u00f6r - The Vanleer Institute in Jerusalem","og_description":"Online Conversation with Prof. U\u011fur \u00dcmit \u00dcng\u00f6r | Filmed lectures at the Van Leer Jerusalem Institute on topics that include religion, secularization and Judaism, Arab society and the Middle East, philosophy, culture and art, feminism and gender, and science and technology","og_url":"https:\/\/www.vanleer.org.il\/en\/videos\/online-conversation-with-prof-ugur-umit-ungor\/","og_site_name":"The Vanleer Institute in Jerusalem","article_publisher":"https:\/\/www.facebook.com\/vanleer.institute\/","article_modified_time":"2022-09-05T09:11:23+00:00","og_image":[{"width":640,"height":480,"url":"https:\/\/www.vanleer.org.il\/wp-content\/uploads\/2021\/06\/posttypevideop50428-youtube-thumbnail.jpg","type":"image\/jpeg"}],"twitter_card":"summary_large_image","twitter_site":"@VanleerInst","twitter_misc":{"Est. reading time":"2 minutes"},"schema":{"@context":"https:\/\/schema.org","@graph":[{"@type":"WebPage","@id":"https:\/\/www.vanleer.org.il\/en\/videos\/online-conversation-with-prof-ugur-umit-ungor\/","url":"https:\/\/www.vanleer.org.il\/en\/videos\/online-conversation-with-prof-ugur-umit-ungor\/","name":"Online Conversation with Prof. U\u011fur \u00dcmit \u00dcng\u00f6r - The Vanleer Institute in Jerusalem","isPartOf":{"@id":"https:\/\/www.vanleer.org.il\/#website"},"primaryImageOfPage":{"@id":"https:\/\/www.vanleer.org.il\/en\/videos\/online-conversation-with-prof-ugur-umit-ungor\/#primaryimage"},"image":{"@id":"https:\/\/www.vanleer.org.il\/en\/videos\/online-conversation-with-prof-ugur-umit-ungor\/#primaryimage"},"thumbnailUrl":"https:\/\/www.vanleer.org.il\/wp-content\/uploads\/2021\/06\/posttypevideop50428-youtube-thumbnail.jpg","datePublished":"2021-06-06T17:08:00+00:00","dateModified":"2022-09-05T09:11:23+00:00","description":"Online Conversation with Prof. U\u011fur \u00dcmit \u00dcng\u00f6r | Filmed lectures at the Van Leer Jerusalem Institute on topics that include religion, secularization and Judaism, Arab society and the Middle East, philosophy, culture and art, feminism and gender, and science and technology","breadcrumb":{"@id":"https:\/\/www.vanleer.org.il\/en\/videos\/online-conversation-with-prof-ugur-umit-ungor\/#breadcrumb"},"inLanguage":"en-US","potentialAction":[{"@type":"ReadAction","target":["https:\/\/www.vanleer.org.il\/en\/videos\/online-conversation-with-prof-ugur-umit-ungor\/"]}]},{"@type":"ImageObject","inLanguage":"en-US","@id":"https:\/\/www.vanleer.org.il\/en\/videos\/online-conversation-with-prof-ugur-umit-ungor\/#primaryimage","url":"https:\/\/www.vanleer.org.il\/wp-content\/uploads\/2021\/06\/posttypevideop50428-youtube-thumbnail.jpg","contentUrl":"https:\/\/www.vanleer.org.il\/wp-content\/uploads\/2021\/06\/posttypevideop50428-youtube-thumbnail.jpg","width":640,"height":480},{"@type":"BreadcrumbList","@id":"https:\/\/www.vanleer.org.il\/en\/videos\/online-conversation-with-prof-ugur-umit-ungor\/#breadcrumb","itemListElement":[{"@type":"ListItem","position":1,"name":"\u05e8\u05d0\u05e9\u05d9","item":"https:\/\/www.vanleer.org.il\/"},{"@type":"ListItem","position":2,"name":"Videos","item":"https:\/\/www.vanleer.org.il\/\u05e1\u05e8\u05d8\u05d5\u05e0\u05d9\u05dd\/"},{"@type":"ListItem","position":3,"name":"Online Conversation with Prof. U\u011fur \u00dcmit \u00dcng\u00f6r"}]},{"@type":"WebSite","@id":"https:\/\/www.vanleer.org.il\/#website","url":"https:\/\/www.vanleer.org.il\/","name":"The Vanleer Institute in Jerusalem","description":"Fosters innovative interdisciplinary research in the humanities and social sciences","publisher":{"@id":"https:\/\/www.vanleer.org.il\/#organization"},"potentialAction":[{"@type":"SearchAction","target":{"@type":"EntryPoint","urlTemplate":"https:\/\/www.vanleer.org.il\/?s={search_term_string}"},"query-input":{"@type":"PropertyValueSpecification","valueRequired":true,"valueName":"search_term_string"}}],"inLanguage":"en-US"},{"@type":"Organization","@id":"https:\/\/www.vanleer.org.il\/#organization","name":"The Van Leer Jerusalem Institute","url":"https:\/\/www.vanleer.org.il\/","logo":{"@type":"ImageObject","inLanguage":"en-US","@id":"https:\/\/www.vanleer.org.il\/#\/schema\/logo\/image\/","url":"https:\/\/www.vanleer.org.il\/wp-content\/uploads\/2020\/07\/Logo-Van-Leer.jpg","contentUrl":"https:\/\/www.vanleer.org.il\/wp-content\/uploads\/2020\/07\/Logo-Van-Leer.jpg","width":1181,"height":709,"caption":"The Van Leer Jerusalem Institute"},"image":{"@id":"https:\/\/www.vanleer.org.il\/#\/schema\/logo\/image\/"},"sameAs":["https:\/\/www.facebook.com\/vanleer.institute\/","https:\/\/x.com\/VanleerInst","https:\/\/www.instagram.com\/van_leer_institute\/","https:\/\/il.linkedin.com\/company\/the-van-leer-jerusalem-institute-\u05de\u05db\u05d5\u05df\u05d5\u05df\u05dc\u05d9\u05e8","https:\/\/www.youtube.com\/user\/VanleerInstitute","https:\/\/he.wikipedia.org\/wiki\/\u05de\u05db\u05d5\u05df_\u05d5\u05df_\u05dc\u05d9\u05e8_\u05d1\u05d9\u05e8\u05d5\u05e9\u05dc\u05d9\u05dd"]}]}},"youtube_video":{"channel_id":"UCk_NK7ZMXm2WtlGRdDSWQMg","channel_title":"The Van Leer Jerusalem Institute - \u05de\u05db\u05d5\u05df \u05d5\u05df \u05dc\u05d9\u05e8 \u05d1\u05d9\u05e8\u05d5\u05e9\u05dc\u05d9\u05dd","title":"Online Conversation with Prof. U\u011fur \u00dcmit \u00dcng\u00f6r","description":"\u05e2\u05d1\u05e8\u05d9\u05ea \u05d1\u05d4\u05de\u05e9\u05da\nPlease join us for a conversation with Prof. U\u011fur \u00dcmit \u00dcng\u00f6r on his new book\nParamilitarism: Mass Violence in the Shadow of the State\nHosted by Dr. \u00dcmit Kurt\nSunday | 06\/06\/21 | 19:00 Israel Time\n\n streets of Belfast to Mandate Palestine and the mountains of Kurdistan, paramilitaries have appeared in violent conflicts in very different settings. Paramilitaries are generally depicted as irregular armed organizations that carry out acts of violence against civilians on behalf of a state. In doing so, they undermine the state's monopoly of legitimate violence, while at the same time creating a breeding ground for criminal activities. Why do governments with functioning police forces and armies use paramilitary groups? U\u011fur \u00dcmit \u00dcng\u00f6r tackles this question through the prism of the interpenetration of paramilitaries and the state. According to \u00dcng\u00f6r, paramilitarism is the ability of the state to successfully outsource mass political violence against civilians that transforms and traumatizes societies. In this conversation, we will discuss \u00dcng\u00f6r's argument that paramilitarism can be understood in a global context, and that paramilitarism is connected to transformations of warfare and state-society relations as articulated in \u00dcng\u00f6r\u2019s recent book Paramilitarism: Mass Violence in the Shadow of the State (Oxford University Press, July 2020).\nThe live broadcast will have subtitles in Hebrew.\n---\nParticipants\nProf. U\u011fur \u00dcmit \u00dcng\u00f6r, Professor of Holocaust and Genocide Studies at The NIOD Institute for War, Holocaust and Genocide Studies, The Netherlands\nDr. \u00dcmit Kurt, Polonsky Academy Fellow at the Van Leer Jerusalem Institute\n---\n\u05e9\u05d9\u05d7\u05d4 \u05de\u05e7\u05d5\u05d5\u05e0\u05ea | \u05d1\u05d0\u05e0\u05d2\u05dc\u05d9\u05ea \u05e2\u05dd \u05e4\u05e8\u05d5\u05e4' \u05d0\u05d5\u05d2\u05d5\u05e8 \u05d0\u05d5\u05de\u05d9\u05d8 \u05d0\u05d5\u05e0\u05d2\u05d5\u05e8 \u05e2\u05dc \u05e1\u05e4\u05e8\u05d5 \u05d4\u05d7\u05d3\u05e9\nParamilitarism: Mass Violence in the Shadow of the State\n\u05de\u05e0\u05d7\u05d4: \u05d3\"\u05e8 \u05d0\u05d5\u05de\u05d9\u05d8 \u05e7\u05d5\u05e8\u05d8\n\u05d9\u05d5\u05dd \u05e8\u05d0\u05e9\u05d5\u05df | 06\/06\/21 | \u05d1\u05e9\u05e2\u05d4 19:00 | \u05e9\u05d9\u05d3\u05d5\u05e8 \u05d7\u05d9 \u05e4\u05ea\u05d5\u05d7 \u05dc\u05e7\u05d4\u05dc \u05d4\u05e8\u05d7\u05d1\n---\n\u05de\u05de\u05d3\u05d1\u05e8\u05d9\u05d5\u05ea \u05e1\u05d5\u05d3\u05d0\u05df \u05d5\u05e2\u05d3 \u05d4\u05d2'\u05d5\u05e0\u05d2\u05dc\u05d9\u05dd \u05e9\u05dc \u05e7\u05d5\u05dc\u05d5\u05de\u05d1\u05d9\u05d4, \u05de\u05e8\u05d7\u05d5\u05d1\u05d5\u05ea \u05d1\u05dc\u05e4\u05e1\u05d8 \u05d5\u05e2\u05d3 \u05d0\u05e8\u05e5 \u05d9\u05e9\u05e8\u05d0\u05dc \u05d4\u05de\u05e0\u05d3\u05d8\u05d5\u05e8\u05d9\u05ea \u05d5\u05d4\u05e8\u05d9 \u05db\u05d5\u05e8\u05d3\u05d9\u05e1\u05d8\u05df, \u05db\u05d5\u05d7\u05d5\u05ea \u05e6\u05d1\u05d0\u05d9\u05d9\u05dd \u05dc\u05de\u05d7\u05e6\u05d4 (\u05e4\u05d0\u05e8\u05d0-\u05de\u05d9\u05dc\u05d9\u05d8\u05e8\u05d9\u05e1\u05d8\u05d9\u05d9\u05dd) \u05d4\u05e9\u05ea\u05ea\u05e4\u05d5 \u05d1\u05e1\u05db\u05e1\u05d5\u05db\u05d9\u05dd \u05d0\u05dc\u05d9\u05de\u05d9\u05dd \u05d1\u05e1\u05d1\u05d9\u05d1\u05d5\u05ea \u05e9\u05d5\u05e0\u05d5\u05ea \u05de\u05d0\u05d5\u05d3 \u05d6\u05d5 \u05de\u05d6\u05d5. \u05e0\u05d4\u05d5\u05d2 \u05dc\u05d4\u05d2\u05d3\u05d9\u05e8 \u05db\u05d5\u05d7\u05d5\u05ea \u05e6\u05d1\u05d0\u05d9\u05d9\u05dd \u05dc\u05de\u05d7\u05e6\u05d4 \u05db\u05d0\u05e8\u05d2\u05d5\u05e0\u05d9\u05dd \u05d7\u05de\u05d5\u05e9\u05d9\u05dd \u05d1\u05dc\u05ea\u05d9 \u05e1\u05d3\u05d9\u05e8\u05d9\u05dd \u05d4\u05de\u05d1\u05e6\u05e2\u05d9\u05dd \u05de\u05e2\u05e9\u05d9 \u05d0\u05dc\u05d9\u05de\u05d5\u05ea \u05e0\u05d2\u05d3 \u05d0\u05d6\u05e8\u05d7\u05d9\u05dd \u05d1\u05e9\u05dd \u05d4\u05de\u05d3\u05d9\u05e0\u05d4. \u05d1\u05db\u05da, \u05d4\u05dd \u05d7\u05d5\u05ea\u05e8\u05d9\u05dd \u05ea\u05d7\u05ea \u05d4\u05de\u05d5\u05e0\u05d5\u05e4\u05d5\u05dc \u05e9\u05dc \u05d4\u05de\u05d3\u05d9\u05e0\u05d4 \u05dc\u05d0\u05dc\u05d9\u05de\u05d5\u05ea \u05d1\u05d7\u05e1\u05d5\u05ea \u05d4\u05d7\u05d5\u05e7, \u05d5\u05d1\u05d3 \u05d1\u05d1\u05d3 \u05d9\u05d5\u05e6\u05e8\u05d9\u05dd \u05db\u05e8 \u05e4\u05d5\u05e8\u05d4 \u05dc\u05e4\u05e2\u05d9\u05dc\u05d5\u05ea \u05e4\u05dc\u05d9\u05dc\u05d9\u05ea. \u05de\u05d3\u05d5\u05e2 \u05de\u05de\u05e9\u05dc\u05d5\u05ea \u05e9\u05d9\u05e9 \u05dc\u05d4\u05df \u05e6\u05d1\u05d0\u05d5\u05ea \u05d5\u05db\u05d5\u05d7\u05d5\u05ea \u05e9\u05d9\u05d8\u05d5\u05e8 \u05de\u05ea\u05e4\u05e7\u05d3\u05d9\u05dd \u05de\u05e9\u05ea\u05de\u05e9\u05d5\u05ea \u05d1\u05db\u05d5\u05d7\u05d5\u05ea \u05e6\u05d1\u05d0\u05d9\u05d9\u05dd \u05dc\u05de\u05d7\u05e6\u05d4? \u05d0\u05d5\u05d2\u05d5\u05e8 \u05d0\u05d5\u05de\u05d9\u05d8 \u05d0\u05d5\u05e0\u05d2\u05d5\u05e8 \u05d1\u05d5\u05d7\u05df \u05d0\u05ea \u05d4\u05e9\u05d0\u05dc\u05d4 \u05d4\u05d6\u05d5 \u05d4\u05e4\u05e8\u05d9\u05d6\u05de\u05d4 \u05e9\u05dc \u05d7\u05d3\u05d9\u05e8\u05ea\u05dd \u05d4\u05d4\u05d3\u05d3\u05d9\u05ea \u05e9\u05dc \u05db\u05d5\u05d7\u05d5\u05ea \u05e6\u05d1\u05d0\u05d9\u05d9\u05dd \u05dc\u05de\u05d7\u05e6\u05d4 \u05d5\u05e9\u05dc \u05d4\u05de\u05d3\u05d9\u05e0\u05d4 \u05d0\u05dc\u05d4 \u05dc\u05d0\u05dc\u05d4. \u05dc\u05d3\u05d1\u05e8\u05d9 \u05d0\u05d5\u05e0\u05d2\u05d5\u05e8, \u05e4\u05d0\u05e8\u05d0-\u05de\u05d9\u05dc\u05d9\u05d8\u05e8\u05d9\u05d6\u05dd \u05de\u05d0\u05e4\u05e9\u05e8 \u05dc\u05de\u05d3\u05d9\u05e0\u05d4 \u05dc\u05e2\u05e9\u05d5\u05ea \u05d1\u05d4\u05e6\u05dc\u05d7\u05d4 \u05de\u05d9\u05e7\u05d5\u05e8-\u05d7\u05d5\u05e5 \u05dc\u05d0\u05dc\u05d9\u05de\u05d5\u05ea \u05e4\u05d5\u05dc\u05d9\u05d8\u05d9\u05ea \u05d4\u05de\u05d5\u05e0\u05d9\u05ea \u05e0\u05d2\u05d3 \u05d0\u05d6\u05e8\u05d7\u05d9\u05dd \u05e9\u05de\u05e9\u05e0\u05d4 \u05d0\u05ea \u05e4\u05e0\u05d9\u05d4 \u05e9\u05dc \u05d4\u05d7\u05d1\u05e8\u05d4 \u05d5\u05de\u05d5\u05ea\u05d9\u05e8 \u05d0\u05d5\u05ea\u05d4 \u05d1\u05d8\u05e8\u05d0\u05d5\u05de\u05d4. \u05d1\u05e9\u05d9\u05d7\u05d4 \u05d6\u05d5 \u05e0\u05d3\u05d5\u05df \u05d1\u05d8\u05d9\u05e2\u05d5\u05e0\u05d5 \u05e9\u05dc \u05d0\u05d5\u05e0\u05d2\u05d5\u05e8, \u05e9\u05dc\u05e4\u05d9\u05d5 \u05d0\u05ea \u05d4\u05e4\u05d0\u05e8\u05d0-\u05de\u05d9\u05dc\u05d9\u05d8\u05e8\u05d9\u05d6\u05dd \u05d0\u05e4\u05e9\u05e8 \u05dc\u05d4\u05d1\u05d9\u05df \u05d1\u05d4\u05e7\u05e9\u05e8 \u05d2\u05dc\u05d5\u05d1\u05dc\u05d9, \u05d5\u05e9\u05d4\u05d5\u05d0 \u05e7\u05e9\u05d5\u05e8 \u05dc\u05e9\u05d9\u05e0\u05d5\u05d9\u05d9\u05dd \u05d1\u05dc\u05d5\u05d7\u05de\u05d4 \u05d5\u05d1\u05d9\u05d7\u05e1\u05d9 \u05d4\u05de\u05d3\u05d9\u05e0\u05d4 \u05d5\u05d4\u05d7\u05d1\u05e8\u05d4 \u05db\u05e4\u05d9 \u05e9\u05d4\u05dd \u05d1\u05d0\u05d9\u05dd \u05dc\u05d9\u05d3\u05d9 \u05d1\u05d9\u05d8\u05d5\u05d9 \u05d1\u05e1\u05e4\u05e8\u05d5 \u05d4\u05d0\u05d7\u05e8\u05d5\u05df \u05e9\u05dc \u05d0\u05d5\u05e0\u05d2\u05d5\u05e8, Paramilitairsm: Mass Violence in the Shadow of the State (Oxford University Press. July 2020).\n\u05d4\u05e9\u05d9\u05d3\u05d5\u05e8 \u05d4\u05d7\u05d9 \u05d9\u05dc\u05d5\u05d5\u05d4 \u05d1\u05db\u05ea\u05d5\u05d1\u05d9\u05d5\u05ea \u05d1\u05e2\u05d1\u05e8\u05d9\u05ea.\n\u05d1\u05d4\u05e9\u05ea\u05ea\u05e4\u05d5\u05ea\n\u05e4\u05e8\u05d5\u05e4' \u05d0\u05d5\u05d2\u05d5\u05e8 \u05d0\u05d5\u05de\u05d9\u05d8 \u05d0\u05d5\u05e0\u05d2\u05d5\u05e8, \u05e4\u05e8\u05d5\u05e4\u05e1\u05d5\u05e8 \u05dc\u05dc\u05d9\u05de\u05d5\u05d3\u05d9 \u05d4\u05e9\u05d5\u05d0\u05d4 \u05d5\u05e8\u05e6\u05d7 \u05e2\u05dd \u05d1\u05de\u05db\u05d5\u05df NIOD \u05dc\u05dc\u05d9\u05de\u05d5\u05d3\u05d9 \u05de\u05dc\u05d7\u05de\u05d4, \u05e9\u05d5\u05d0\u05d4 \u05d5\u05e8\u05e6\u05d7-\u05e2\u05dd, \u05d4\u05d5\u05dc\u05e0\u05d3\n\u05d3\"\u05e8 \u05d0\u05d5\u05de\u05d9\u05d8 \u05e7\u05d5\u05e8\u05d8, \u05e2\u05de\u05d9\u05ea \u05d0\u05e7\u05d3\u05de\u05d9\u05d9\u05ea \u05e4\u05d5\u05dc\u05d5\u05e0\u05e1\u05e7\u05d9 \u05d1\u05de\u05db\u05d5\u05df \u05d5\u05df \u05dc\u05d9\u05e8 \u05d1\u05d9\u05e8\u05d5\u05e9\u05dc\u05d9\u05dd\n\u05dc\u05de\u05d9\u05d3\u05e2 \u05e0\u05d5\u05e1\u05e3 \u05d1\u05e7\u05e8\u05d5 \u05d1\u05d0\u05ea\u05e8 - <a href=\"https:\/\/bit.ly\/3p67W3T\" rel=\"nofollow\">https:\/\/bit.ly\/3p67W3T<\/a>","category_id":"27","category":"Education","tags":["\u05de\u05db\u05d5\u05df \u05d5\u05df \u05dc\u05d9\u05e8","Van Leer Institute","\u05de\u05db\u05d5\u05df \u05d5\u05d0\u05df \u05dc\u05d9\u05e8","\u05d5\u05d0\u05df \u05dc\u05d9\u05e8","\u05d5\u05df \u05dc\u05d9\u05e8","\u05de\u05d7\u05e9\u05d1\u05d4 \u05de\u05d7\u05d5\u05dc\u05dc\u05ea \u05e9\u05d9\u05e0\u05d5\u05d9","\u05d4\u05e8\u05e6\u05d0\u05d5\u05ea","\u05d4\u05e8\u05e6\u05d0\u05d5\u05ea \u05d1\u05d7\u05d9\u05e0\u05dd","\u05de\u05d3\u05e2\u05d9 \u05d4\u05e8\u05d5\u05d7","\u05de\u05d3\u05e2\u05d9 \u05d4\u05d7\u05d1\u05e8\u05d4","\u05de\u05d7\u05e9\u05d1\u05d4 \u05d1\u05e9\u05d9\u05d3\u05d5\u05e8 \u05d9\u05e9\u05d9\u05e8","\u05e4\u05d9\u05dc\u05d5\u05e1\u05d5\u05e4\u05d9\u05d4","\u05d0\u05d4\u05d1\u05ea \u05d4\u05d9\u05d3\u05e2","\u05d4\u05e2\u05e9\u05e8\u05d4","\u05d0\u05e7\u05d3\u05de\u05d9\u05d4","\u05d4\u05e8\u05e6\u05d0\u05d5\u05ea \u05d0\u05e7\u05d3\u05de\u05d9\u05d5\u05ea","\u05d4\u05e8\u05e6\u05d0\u05d5\u05ea \u05d0\u05e7\u05d3\u05de\u05d0\u05d9\u05d5\u05ea","\u05d4\u05e8\u05e6\u05d0\u05d4 \u05d0\u05e7\u05d3\u05de\u05d9\u05ea","\u05d4\u05e8\u05e6\u05d0\u05d4 \u05d0\u05e7\u05d3\u05de\u05d0\u05d9\u05ea","\u05e9\u05d9\u05d7\u05d4 \u05d0\u05e7\u05d3\u05de\u05d9\u05ea","\u05e9\u05d9\u05d7\u05d4 \u05d0\u05e7\u05d3\u05de\u05d0\u05d9\u05ea"],"duration":3930,"iso_duration":"PT1H5M30S","human_duration":"1:05:30","definition":"hd","thumbnails":{"default":{"url":"https:\/\/i.ytimg.com\/vi\/fqT8ZLRShIs\/default.jpg","width":120,"height":90},"medium":{"url":"https:\/\/i.ytimg.com\/vi\/fqT8ZLRShIs\/mqdefault.jpg","width":320,"height":180},"high":{"url":"https:\/\/i.ytimg.com\/vi\/fqT8ZLRShIs\/hqdefault.jpg","width":480,"height":360},"standard":{"url":"https:\/\/i.ytimg.com\/vi\/fqT8ZLRShIs\/sddefault.jpg","width":640,"height":480},"maxres":{"url":"https:\/\/i.ytimg.com\/vi\/fqT8ZLRShIs\/maxresdefault.jpg","width":1280,"height":720}},"live_broadcast_content":"none","video_id":"fqT8ZLRShIs","published":"2021-06-06 17:08:00","stats":{"comments":"0","views":"239","likes":"3","dislikes":"0","favourite":"0"},"privacy":{"status":"public","embeddable":true,"license":"youtube"}},"_links":{"self":[{"href":"https:\/\/www.vanleer.org.il\/en\/wp-json\/wp\/v2\/video\/50428","targetHints":{"allow":["GET"]}}],"collection":[{"href":"https:\/\/www.vanleer.org.il\/en\/wp-json\/wp\/v2\/video"}],"about":[{"href":"https:\/\/www.vanleer.org.il\/en\/wp-json\/wp\/v2\/types\/video"}],"author":[{"embeddable":true,"href":"https:\/\/www.vanleer.org.il\/en\/wp-json\/wp\/v2\/users\/13"}],"replies":[{"embeddable":true,"href":"https:\/\/www.vanleer.org.il\/en\/wp-json\/wp\/v2\/comments?post=50428"}],"version-history":[{"count":0,"href":"https:\/\/www.vanleer.org.il\/en\/wp-json\/wp\/v2\/video\/50428\/revisions"}],"wp:featuredmedia":[{"embeddable":true,"href":"https:\/\/www.vanleer.org.il\/en\/wp-json\/wp\/v2\/media\/50429"}],"wp:attachment":[{"href":"https:\/\/www.vanleer.org.il\/en\/wp-json\/wp\/v2\/media?parent=50428"}],"wp:term":[{"taxonomy":"videos","embeddable":true,"href":"https:\/\/www.vanleer.org.il\/en\/wp-json\/wp\/v2\/videos?post=50428"},{"taxonomy":"video_tag","embeddable":true,"href":"https:\/\/www.vanleer.org.il\/en\/wp-json\/wp\/v2\/video_tag?post=50428"}],"curies":[{"name":"wp","href":"https:\/\/api.w.org\/{rel}","templated":true}]}}